{"id":3229,"date":"2024-09-13T17:12:03","date_gmt":"2024-09-13T15:12:03","guid":{"rendered":"https:\/\/bio.enjoygoodfood.eu\/erde-und-luft-elemente-des-guten\/"},"modified":"2024-11-07T10:51:51","modified_gmt":"2024-11-07T09:51:51","slug":"erde-und-luft-elemente-des-guten","status":"publish","type":"page","link":"https:\/\/bio.enjoygoodfood.eu\/de\/erde-und-luft-elemente-des-guten\/","title":{"rendered":"Erde und Luft, Elemente des Guten"},"content":{"rendered":"<div class=\"fusion-fullwidth fullwidth-box fusion-builder-row-1 fusion-flex-container has-pattern-background has-mask-background nonhundred-percent-fullwidth non-hundred-percent-height-scrolling\" style=\"--awb-border-radius-top-left:0px;--awb-border-radius-top-right:0px;--awb-border-radius-bottom-right:0px;--awb-border-radius-bottom-left:0px;--awb-flex-wrap:wrap;\" ><div class=\"fusion-builder-row fusion-row fusion-flex-align-items-flex-start fusion-flex-content-wrap\" style=\"max-width:1300px;margin-left: calc(-4% \/ 2 );margin-right: calc(-4% \/ 2 );\"><div class=\"fusion-layout-column fusion_builder_column fusion-builder-column-0 fusion_builder_column_1_1 1_1 fusion-flex-column\" style=\"--awb-bg-size:cover;--awb-width-large:100%;--awb-margin-top-large:0px;--awb-spacing-right-large:1.92%;--awb-margin-bottom-large:0px;--awb-spacing-left-large:1.92%;--awb-width-medium:100%;--awb-order-medium:0;--awb-spacing-right-medium:1.92%;--awb-spacing-left-medium:1.92%;--awb-width-small:100%;--awb-order-small:0;--awb-spacing-right-small:1.92%;--awb-spacing-left-small:1.92%;\"><div class=\"fusion-column-wrapper fusion-column-has-shadow fusion-flex-justify-content-flex-start fusion-content-layout-column\"><div class=\"fusion-image-element \" style=\"--awb-caption-title-font-family:var(--h2_typography-font-family);--awb-caption-title-font-weight:var(--h2_typography-font-weight);--awb-caption-title-font-style:var(--h2_typography-font-style);--awb-caption-title-size:var(--h2_typography-font-size);--awb-caption-title-transform:var(--h2_typography-text-transform);--awb-caption-title-line-height:var(--h2_typography-line-height);--awb-caption-title-letter-spacing:var(--h2_typography-letter-spacing);\"><span class=\" fusion-imageframe imageframe-none imageframe-1 hover-type-none\"><img decoding=\"async\" width=\"2560\" height=\"577\" title=\"foto-panorami\" src=\"https:\/\/bio.enjoygoodfood.eu\/wp-content\/uploads\/2024\/09\/foto-panorami-scaled.jpg\" data-orig-src=\"https:\/\/bio.enjoygoodfood.eu\/wp-content\/uploads\/2024\/09\/foto-panorami-scaled.jpg\" alt class=\"lazyload img-responsive wp-image-2917\" srcset=\"data:image\/svg+xml,%3Csvg%20xmlns%3D%27http%3A%2F%2Fwww.w3.org%2F2000%2Fsvg%27%20width%3D%272560%27%20height%3D%27577%27%20viewBox%3D%270%200%202560%20577%27%3E%3Crect%20width%3D%272560%27%20height%3D%27577%27%20fill-opacity%3D%220%22%2F%3E%3C%2Fsvg%3E\" data-srcset=\"https:\/\/bio.enjoygoodfood.eu\/wp-content\/uploads\/2024\/09\/foto-panorami-200x45.jpg 200w, https:\/\/bio.enjoygoodfood.eu\/wp-content\/uploads\/2024\/09\/foto-panorami-400x90.jpg 400w, https:\/\/bio.enjoygoodfood.eu\/wp-content\/uploads\/2024\/09\/foto-panorami-600x135.jpg 600w, https:\/\/bio.enjoygoodfood.eu\/wp-content\/uploads\/2024\/09\/foto-panorami-800x180.jpg 800w, https:\/\/bio.enjoygoodfood.eu\/wp-content\/uploads\/2024\/09\/foto-panorami-1200x270.jpg 1200w, https:\/\/bio.enjoygoodfood.eu\/wp-content\/uploads\/2024\/09\/foto-panorami-scaled.jpg 2560w\" data-sizes=\"auto\" data-orig-sizes=\"(max-width: 1024px) 100vw, (max-width: 640px) 100vw, 2560px\" \/><\/span><\/div><div class=\"fusion-text fusion-text-1\" style=\"--awb-margin-top:50px;\"><p>Obst und Gem\u00fcse <b><strong>aus der EU<\/strong><\/b> wird in au\u00dfergew\u00f6hnlichen Gebieten angebaut, in denen nat\u00fcrliche Sch\u00f6nheit und einzigartige morphologische Merkmale zusammenkommen, um Ernten von h\u00f6chster Qualit\u00e4t hervorzubringen. G\u00fcnstiges Klima und fruchtbare B\u00f6den bilden eine Kombination, die den Geschmack und die N\u00e4hrwerteigenschaften der einzelnen Produkte verbessert. Die N\u00e4he zur K\u00fcste macht es m\u00f6glich, die perfekte Kombination aus k\u00fchler Meeresbrise und Wind im Landesinneren zu nutzen, und die vulkanischen B\u00f6den, die f\u00fcr ihre au\u00dfergew\u00f6hnliche Produktivit\u00e4t bekannt sind, steigern die Qualit\u00e4t der Produkte zus\u00e4tzlich. Die gr\u00fcnen H\u00fcgel Italiens mit Blick auf das kristallklare blaue Meer, das von der Sonne gek\u00fcsst wird, sowie die fruchtbaren T\u00e4ler Deutschlands und die windigen K\u00fcsten Spaniens sind die fruchtbare Wiege des \u00f6kologischen Obst- und Gem\u00fcseanbaus, der diese nat\u00fcrlichen Eigenschaften nutzt und auf den Einsatz von Pestiziden und chemischen D\u00fcngemitteln verzichtet.<\/p>\n<\/div><\/div><\/div><\/div><\/div>\n","protected":false},"excerpt":{"rendered":"","protected":false},"author":1,"featured_media":0,"parent":0,"menu_order":0,"comment_status":"closed","ping_status":"closed","template":"","meta":{"footnotes":""},"class_list":["post-3229","page","type-page","status-publish","hentry"],"_links":{"self":[{"href":"https:\/\/bio.enjoygoodfood.eu\/de\/wp-json\/wp\/v2\/pages\/3229","targetHints":{"allow":["GET"]}}],"collection":[{"href":"https:\/\/bio.enjoygoodfood.eu\/de\/wp-json\/wp\/v2\/pages"}],"about":[{"href":"https:\/\/bio.enjoygoodfood.eu\/de\/wp-json\/wp\/v2\/types\/page"}],"author":[{"embeddable":true,"href":"https:\/\/bio.enjoygoodfood.eu\/de\/wp-json\/wp\/v2\/users\/1"}],"replies":[{"embeddable":true,"href":"https:\/\/bio.enjoygoodfood.eu\/de\/wp-json\/wp\/v2\/comments?post=3229"}],"version-history":[{"count":3,"href":"https:\/\/bio.enjoygoodfood.eu\/de\/wp-json\/wp\/v2\/pages\/3229\/revisions"}],"predecessor-version":[{"id":3232,"href":"https:\/\/bio.enjoygoodfood.eu\/de\/wp-json\/wp\/v2\/pages\/3229\/revisions\/3232"}],"wp:attachment":[{"href":"https:\/\/bio.enjoygoodfood.eu\/de\/wp-json\/wp\/v2\/media?parent=3229"}],"curies":[{"name":"wp","href":"https:\/\/api.w.org\/{rel}","templated":true}]}}