{"id":3716,"date":"2025-10-29T11:50:40","date_gmt":"2025-10-29T10:50:40","guid":{"rendered":"https:\/\/bio.enjoygoodfood.eu\/portfolio-items\/geroestete-mandeln-auf-bio-kuerbiscremesuppe\/"},"modified":"2025-10-29T12:26:10","modified_gmt":"2025-10-29T11:26:10","slug":"geroestete-mandeln-auf-bio-kuerbiscremesuppe","status":"publish","type":"avada_portfolio","link":"https:\/\/bio.enjoygoodfood.eu\/de\/portfolio-items\/geroestete-mandeln-auf-bio-kuerbiscremesuppe\/","title":{"rendered":"Ger\u00f6stete Mandeln auf Bio-K\u00fcrbiscremesuppe"},"content":{"rendered":"<p><div class=\"fusion-fullwidth fullwidth-box fusion-builder-row-1 fusion-flex-container has-pattern-background has-mask-background nonhundred-percent-fullwidth non-hundred-percent-height-scrolling\" style=\"--awb-border-radius-top-left:0px;--awb-border-radius-top-right:0px;--awb-border-radius-bottom-right:0px;--awb-border-radius-bottom-left:0px;--awb-padding-right:0px;--awb-padding-bottom:0px;--awb-padding-left:0px;--awb-background-color:var(--awb-color1);--awb-flex-wrap:wrap;\" ><div class=\"fusion-builder-row fusion-row fusion-flex-align-items-flex-start fusion-flex-content-wrap\" style=\"max-width:1300px;margin-left: calc(-4% \/ 2 );margin-right: calc(-4% \/ 2 );\"><div class=\"fusion-layout-column fusion_builder_column fusion-builder-column-0 fusion_builder_column_1_1 1_1 fusion-flex-column\" style=\"--awb-bg-size:cover;--awb-width-large:100%;--awb-margin-top-large:0px;--awb-spacing-right-large:1.92%;--awb-margin-bottom-large:0px;--awb-spacing-left-large:1.92%;--awb-width-medium:100%;--awb-spacing-right-medium:1.92%;--awb-spacing-left-medium:1.92%;--awb-width-small:100%;--awb-spacing-right-small:1.92%;--awb-spacing-left-small:1.92%;\"><div class=\"fusion-column-wrapper fusion-column-has-shadow fusion-flex-justify-content-flex-start fusion-content-layout-column\"><div class=\"fusion-image-element \" style=\"text-align:center;--awb-caption-title-font-family:var(--h2_typography-font-family);--awb-caption-title-font-weight:var(--h2_typography-font-weight);--awb-caption-title-font-style:var(--h2_typography-font-style);--awb-caption-title-size:var(--h2_typography-font-size);--awb-caption-title-transform:var(--h2_typography-text-transform);--awb-caption-title-line-height:var(--h2_typography-line-height);--awb-caption-title-letter-spacing:var(--h2_typography-letter-spacing);\"><span class=\" fusion-imageframe imageframe-none imageframe-1 hover-type-zoomin\"><img decoding=\"async\" width=\"2560\" height=\"1685\" alt=\"Morbi vitae purus dictum, ultrices tellus in, gravida lectus. \" title=\"Mandorle-tostate-su-vellutata-di-Zucca-Bio\" src=\"https:\/\/bio.enjoygoodfood.eu\/wp-content\/uploads\/2025\/10\/Mandorle-tostate-su-vellutata-di-Zucca-Bio.jpg\" data-orig-src=\"https:\/\/bio.enjoygoodfood.eu\/wp-content\/uploads\/2025\/10\/Mandorle-tostate-su-vellutata-di-Zucca-Bio.jpg\" class=\"lazyload img-responsive wp-image-3678\" srcset=\"data:image\/svg+xml,%3Csvg%20xmlns%3D%27http%3A%2F%2Fwww.w3.org%2F2000%2Fsvg%27%20width%3D%272560%27%20height%3D%271685%27%20viewBox%3D%270%200%202560%201685%27%3E%3Crect%20width%3D%272560%27%20height%3D%271685%27%20fill-opacity%3D%220%22%2F%3E%3C%2Fsvg%3E\" data-srcset=\"https:\/\/bio.enjoygoodfood.eu\/wp-content\/uploads\/2025\/10\/Mandorle-tostate-su-vellutata-di-Zucca-Bio-200x132.jpg 200w, https:\/\/bio.enjoygoodfood.eu\/wp-content\/uploads\/2025\/10\/Mandorle-tostate-su-vellutata-di-Zucca-Bio-400x263.jpg 400w, https:\/\/bio.enjoygoodfood.eu\/wp-content\/uploads\/2025\/10\/Mandorle-tostate-su-vellutata-di-Zucca-Bio-600x395.jpg 600w, https:\/\/bio.enjoygoodfood.eu\/wp-content\/uploads\/2025\/10\/Mandorle-tostate-su-vellutata-di-Zucca-Bio-800x527.jpg 800w, https:\/\/bio.enjoygoodfood.eu\/wp-content\/uploads\/2025\/10\/Mandorle-tostate-su-vellutata-di-Zucca-Bio-1200x790.jpg 1200w, https:\/\/bio.enjoygoodfood.eu\/wp-content\/uploads\/2025\/10\/Mandorle-tostate-su-vellutata-di-Zucca-Bio.jpg 2560w\" data-sizes=\"auto\" data-orig-sizes=\"(max-width: 1024px) 100vw, (max-width: 640px) 100vw, 2560px\" \/><\/span><\/div><\/div><\/div><\/div><\/div><div class=\"fusion-fullwidth fullwidth-box fusion-builder-row-2 fusion-flex-container has-pattern-background has-mask-background fusion-parallax-none nonhundred-percent-fullwidth non-hundred-percent-height-scrolling lazyload\" style=\"--awb-background-position:right top;--awb-background-blend-mode:overlay;--awb-border-sizes-top:0px;--awb-border-sizes-bottom:0px;--awb-border-sizes-left:0px;--awb-border-sizes-right:0px;--awb-border-color:hsla(var(--awb-color4-h),var(--awb-color4-s),var(--awb-color4-l),calc( var(--awb-color4-a) - 50% ));--awb-border-radius-top-left:0px;--awb-border-radius-top-right:0px;--awb-border-radius-bottom-right:0px;--awb-border-radius-bottom-left:0px;--awb-padding-top:4%;--awb-padding-right:6%;--awb-padding-bottom:4%;--awb-padding-left:6%;--awb-padding-top-medium:20px;--awb-padding-right-medium:20px;--awb-padding-bottom-medium:20px;--awb-padding-left-medium:20px;--awb-padding-top-small:12px;--awb-padding-right-small:12px;--awb-padding-bottom-small:12px;--awb-padding-left-small:12px;--awb-background-color:hsla(var(--awb-color7-h),var(--awb-color7-s),var(--awb-color7-l),calc( var(--awb-color7-a) - 70% ));--awb-background-size:cover;--awb-flex-wrap:wrap;\" data-bg=\"https:\/\/bio.enjoygoodfood.eu\/wp-content\/uploads\/2019\/03\/fondo-per-ricette-scaled.jpg\" ><div class=\"fusion-builder-row fusion-row fusion-flex-align-items-flex-start fusion-flex-content-wrap\" style=\"max-width:1300px;margin-left: calc(-4% \/ 2 );margin-right: calc(-4% \/ 2 );\"><div class=\"fusion-layout-column fusion_builder_column fusion-builder-column-1 fusion_builder_column_1_1 1_1 fusion-flex-column\" style=\"--awb-padding-right:35px;--awb-padding-bottom:50px;--awb-padding-left:35px;--awb-bg-color:var(--awb-color1);--awb-bg-color-hover:var(--awb-color1);--awb-bg-size:cover;--awb-box-shadow:24px 12px 44px 6px hsla(var(--awb-color8-h),var(--awb-color8-s),calc( var(--awb-color8-l) - 9% ),calc( var(--awb-color8-a) - 40% ));;--awb-border-color:var(--awb-color5);--awb-border-top:5px;--awb-border-style:solid;--awb-width-large:100%;--awb-margin-top-large:20px;--awb-spacing-right-large:1.92%;--awb-margin-bottom-large:20px;--awb-spacing-left-large:1.92%;--awb-width-medium:100%;--awb-margin-top-medium:0px;--awb-spacing-right-medium:1.92%;--awb-margin-bottom-medium:0px;--awb-spacing-left-medium:1.92%;--awb-width-small:100%;--awb-spacing-right-small:1.92%;--awb-spacing-left-small:1.92%;\"><div class=\"fusion-column-wrapper fusion-column-has-shadow fusion-flex-justify-content-flex-start fusion-content-layout-column\"><div class=\"fusion-title title fusion-title-1 fusion-title-text fusion-title-size-three\" style=\"--awb-text-color:var(--awb-custom_color_4);--awb-margin-top-small:0px;--awb-margin-right-small:0px;--awb-margin-bottom-small:20px;--awb-margin-left-small:0px;\"><div class=\"title-sep-container title-sep-container-left fusion-no-large-visibility fusion-no-medium-visibility fusion-no-small-visibility\"><div class=\"title-sep sep-single sep-dotted\" style=\"border-color:var(--awb-color6);\"><\/div><\/div><span class=\"awb-title-spacer fusion-no-large-visibility fusion-no-medium-visibility fusion-no-small-visibility\"><\/span><h3 class=\"fusion-title-heading title-heading-left fusion-responsive-typography-calculated\" style=\"margin:0;--fontSize:36;line-height:var(--awb-typography1-line-height);\">ZUTATEN<\/h3><span class=\"awb-title-spacer\"><\/span><div class=\"title-sep-container title-sep-container-right\"><div class=\"title-sep sep-single sep-dotted\" style=\"border-color:var(--awb-color6);\"><\/div><\/div><\/div><ul style=\"--awb-iconcolor:var(--awb-color4);--awb-line-height:23.8px;--awb-icon-width:23.8px;--awb-icon-height:23.8px;--awb-icon-margin:9.8px;--awb-content-margin:33.6px;\" class=\"fusion-checklist fusion-checklist-1 fusion-checklist-default type-icons\"><li class=\"fusion-li-item\" style=\"\"><span class=\"icon-wrapper circle-no\"><i class=\"fusion-li-icon icon-food-utensils-solid\" aria-hidden=\"true\"><\/i><\/span><div class=\"fusion-li-item-content\">Mandeln ohne Schale 300 g<\/div><\/li><li class=\"fusion-li-item\" style=\"\"><span class=\"icon-wrapper circle-no\"><i class=\"fusion-li-icon icon-food-utensils-solid\" aria-hidden=\"true\"><\/i><\/span><div class=\"fusion-li-item-content\">Natives Oliven\u00f6l extra nach Bedarf<\/div><\/li><li class=\"fusion-li-item\" style=\"\"><span class=\"icon-wrapper circle-no\"><i class=\"fusion-li-icon icon-food-utensils-solid\" aria-hidden=\"true\"><\/i><\/span><div class=\"fusion-li-item-content\">Oregano nach Belieben<\/div><\/li><li class=\"fusion-li-item\" style=\"\"><span class=\"icon-wrapper circle-no\"><i class=\"fusion-li-icon icon-food-utensils-solid\" aria-hidden=\"true\"><\/i><\/span><div class=\"fusion-li-item-content\">Bio-Mantovaner K\u00fcrbis Nr. 1<\/div><\/li><li class=\"fusion-li-item\" style=\"\"><span class=\"icon-wrapper circle-no\"><i class=\"fusion-li-icon icon-food-utensils-solid\" aria-hidden=\"true\"><\/i><\/span><div class=\"fusion-li-item-content\">Schalotten Nr. 2<\/div><\/li><li class=\"fusion-li-item\" style=\"\"><span class=\"icon-wrapper circle-no\"><i class=\"fusion-li-icon icon-food-utensils-solid\" aria-hidden=\"true\"><\/i><\/span><div class=\"fusion-li-item-content\">Salz nach Bedarf<\/div><\/li><li class=\"fusion-li-item\" style=\"\"><span class=\"icon-wrapper circle-no\"><i class=\"fusion-li-icon icon-food-utensils-solid\" aria-hidden=\"true\"><\/i><\/span><div class=\"fusion-li-item-content\">Pfeffer nach Bedarf<\/div><\/li><\/ul><div class=\"fusion-title title fusion-title-2 fusion-title-text fusion-title-size-three\" style=\"--awb-text-color:var(--awb-custom_color_4);--awb-margin-top-small:0px;--awb-margin-right-small:0px;--awb-margin-bottom-small:20px;--awb-margin-left-small:0px;\"><div class=\"title-sep-container title-sep-container-left fusion-no-large-visibility fusion-no-medium-visibility fusion-no-small-visibility\"><div class=\"title-sep sep-single sep-dotted\" style=\"border-color:var(--awb-color6);\"><\/div><\/div><span class=\"awb-title-spacer fusion-no-large-visibility fusion-no-medium-visibility fusion-no-small-visibility\"><\/span><h3 class=\"fusion-title-heading title-heading-left fusion-responsive-typography-calculated\" style=\"margin:0;--fontSize:36;line-height:var(--awb-typography1-line-height);\">ZUBEREITUNG<\/h3><span class=\"awb-title-spacer\"><\/span><div class=\"title-sep-container title-sep-container-right\"><div class=\"title-sep sep-single sep-dotted\" style=\"border-color:var(--awb-color6);\"><\/div><\/div><\/div><div class=\"fusion-text fusion-text-1\"><p>Die Mandeln auf einem Backblech verteilen, mit nativem Oliven\u00f6l extra, Oregano und einer Prise Salz w\u00fcrzen. Im vorgeheizten Ofen bei 170\u00b0C etwa 5 Minuten r\u00f6sten. <\/p>\n<p>In der Zwischenzeit den Bio-K\u00fcrbis halbieren und die Kerne entfernen. Auf einem Backblech anordnen, mit Alufolie abdecken und im Ofen bei 200\u00b0C backen, bis er weich ist. <\/p>\n<p>Die Schalotten fein hacken und in einem Topf mit nativem Oliven\u00f6l extra d\u00fcnsten. Das mit einem L\u00f6ffel ausgeh\u00f6hlte Fruchtfleisch des Bio-K\u00fcrbisses hinzuf\u00fcgen, salzen und pfeffern. <\/p>\n<p>Alles in einem Mixer p\u00fcrieren und dabei Gem\u00fcsebr\u00fche und einen Schuss natives Oliven\u00f6l extra hinzuf\u00fcgen, bis eine glatte und homogene Cremesuppe entsteht.<\/p>\n<p>Die Cremesuppe anrichten und mit den ger\u00f6steten Mandeln garnieren.<\/p>\n<\/div><div class=\"fusion-sharing-box fusion-sharing-box-1 has-taglines layout-floated layout-medium-floated layout-small-stacked\" style=\"background-color:var(--awb-custom_color_2);--awb-separator-border-sizes:0px;--awb-layout:row;--awb-alignment-small:space-between;--awb-stacked-align-small:center;\" data-title=\"Ger\u00f6stete Mandeln auf Bio-K\u00fcrbiscremesuppe\" data-description=\"ZUTATEN Mandeln ohne Schale 300 g Natives Oliven\u00f6l extra nach Bedarf Oregano nach Belieben Bio-Mantovaner K\u00fcrbis Nr. 1 Schalotten Nr. 2 Salz nach Bedarf Pfeffer nach Bedarf \r\n\r\nZUBEREITUNG \r\n\r\nDie Mandeln auf einem Backblech verteilen, mit nativem Oliven\u00f6l extra, Oregano und einer Prise Salz w\u00fcrzen. Im vorgeheizten Ofen bei 170\u00b0C etwa 5\" data-link=\"https:\/\/bio.enjoygoodfood.eu\/de\/portfolio-items\/geroestete-mandeln-auf-bio-kuerbiscremesuppe\/\"><h4 class=\"tagline\" style=\"color:var(--awb-color1);\">Teilen Sie dieses Rezept!<\/h4><div class=\"fusion-social-networks sharingbox-shortcode-icon-wrapper sharingbox-shortcode-icon-wrapper-1\"><span><a href=\"https:\/\/www.facebook.com\/sharer.php?u=https%3A%2F%2Fbio.enjoygoodfood.eu%2Fde%2Fportfolio-items%2Fgeroestete-mandeln-auf-bio-kuerbiscremesuppe%2F&amp;t=Ger%C3%B6stete%20Mandeln%20auf%20Bio-K%C3%BCrbiscremesuppe\" target=\"_blank\" rel=\"noreferrer\" title=\"Facebook\" aria-label=\"Facebook\" data-placement=\"bottom\" data-toggle=\"tooltip\" data-title=\"Facebook\"><i class=\"fusion-social-network-icon fusion-tooltip fusion-facebook awb-icon-facebook\" style=\"color:#dde2c5;\" aria-hidden=\"true\"><\/i><\/a><\/span><span><a href=\"https:\/\/x.com\/intent\/post?text=Ger%C3%B6stete%20Mandeln%20auf%20Bio-K%C3%BCrbiscremesuppe&amp;url=https%3A%2F%2Fbio.enjoygoodfood.eu%2Fde%2Fportfolio-items%2Fgeroestete-mandeln-auf-bio-kuerbiscremesuppe%2F\" target=\"_blank\" rel=\"noopener noreferrer\" title=\"X\" aria-label=\"X\" data-placement=\"bottom\" data-toggle=\"tooltip\" data-title=\"X\"><i class=\"fusion-social-network-icon fusion-tooltip fusion-twitter awb-icon-twitter\" style=\"color:#dde2c5;\" aria-hidden=\"true\"><\/i><\/a><\/span><span><a href=\"https:\/\/reddit.com\/submit?url=https%3A%2F%2Fbio.enjoygoodfood.eu%2Fde%2Fportfolio-items%2Fgeroestete-mandeln-auf-bio-kuerbiscremesuppe%2F&amp;title=Ger%C3%B6stete%20Mandeln%20auf%20Bio-K%C3%BCrbiscremesuppe\" target=\"_blank\" rel=\"noopener noreferrer\" title=\"Reddit\" aria-label=\"Reddit\" data-placement=\"bottom\" data-toggle=\"tooltip\" data-title=\"Reddit\"><i class=\"fusion-social-network-icon fusion-tooltip fusion-reddit awb-icon-reddit\" style=\"color:#dde2c5;\" aria-hidden=\"true\"><\/i><\/a><\/span><span><a href=\"https:\/\/www.linkedin.com\/shareArticle?mini=true&amp;url=https%3A%2F%2Fbio.enjoygoodfood.eu%2Fde%2Fportfolio-items%2Fgeroestete-mandeln-auf-bio-kuerbiscremesuppe%2F&amp;title=Ger%C3%B6stete%20Mandeln%20auf%20Bio-K%C3%BCrbiscremesuppe&amp;summary=ZUTATEN%20Mandeln%20ohne%20Schale%20300%20g%20Natives%20Oliven%C3%B6l%20extra%20nach%20Bedarf%20Oregano%20nach%20Belieben%20Bio-Mantovaner%20K%C3%BCrbis%20Nr.%201%20Schalotten%20Nr.%202%20Salz%20nach%20Bedarf%20Pfeffer%20nach%20Bedarf%20%20%0D%0A%0D%0AZUBEREITUNG%20%0D%0A%0D%0ADie%20Mandeln%20auf%20einem%20Backblech%20verteilen%2C%20mit%20nativem%20Oliven%C3%B6l%20extra%2C%20Oregano%20und%20einer%20Prise%20Salz%20w%C3%BCrzen.%20Im%20vorgeheizten%20Ofen%20bei%20170%C2%B0C%20etwa%205\" target=\"_blank\" rel=\"noopener noreferrer\" title=\"LinkedIn\" aria-label=\"LinkedIn\" data-placement=\"bottom\" data-toggle=\"tooltip\" data-title=\"LinkedIn\"><i class=\"fusion-social-network-icon fusion-tooltip fusion-linkedin awb-icon-linkedin\" style=\"color:#dde2c5;\" aria-hidden=\"true\"><\/i><\/a><\/span><span><a href=\"https:\/\/api.whatsapp.com\/send?text=https%3A%2F%2Fbio.enjoygoodfood.eu%2Fde%2Fportfolio-items%2Fgeroestete-mandeln-auf-bio-kuerbiscremesuppe%2F\" target=\"_blank\" rel=\"noopener noreferrer\" title=\"WhatsApp\" aria-label=\"WhatsApp\" data-placement=\"bottom\" data-toggle=\"tooltip\" data-title=\"WhatsApp\"><i class=\"fusion-social-network-icon fusion-tooltip fusion-whatsapp awb-icon-whatsapp\" style=\"color:#dde2c5;\" aria-hidden=\"true\"><\/i><\/a><\/span><span><a href=\"https:\/\/www.tumblr.com\/share\/link?url=https%3A%2F%2Fbio.enjoygoodfood.eu%2Fde%2Fportfolio-items%2Fgeroestete-mandeln-auf-bio-kuerbiscremesuppe%2F&amp;name=Ger%C3%B6stete%20Mandeln%20auf%20Bio-K%C3%BCrbiscremesuppe&amp;description=ZUTATEN%20Mandeln%20ohne%20Schale%20300%20g%20Natives%20Oliven%C3%B6l%20extra%20nach%20Bedarf%20Oregano%20nach%20Belieben%20Bio-Mantovaner%20K%C3%BCrbis%20Nr.%201%20Schalotten%20Nr.%202%20Salz%20nach%20Bedarf%20Pfeffer%20nach%20Bedarf%20%20%0D%0A%0D%0AZUBEREITUNG%20%0D%0A%0D%0ADie%20Mandeln%20auf%20einem%20Backblech%20verteilen%2C%20mit%20nativem%20Oliven%C3%B6l%20extra%2C%20Oregano%20und%20einer%20Prise%20Salz%20w%C3%BCrzen.%20Im%20vorgeheizten%20Ofen%20bei%20170%C2%B0C%20etwa%205\" target=\"_blank\" rel=\"noopener noreferrer\" title=\"Tumblr\" aria-label=\"Tumblr\" data-placement=\"bottom\" data-toggle=\"tooltip\" data-title=\"Tumblr\"><i class=\"fusion-social-network-icon fusion-tooltip fusion-tumblr awb-icon-tumblr\" style=\"color:#dde2c5;\" aria-hidden=\"true\"><\/i><\/a><\/span><span><a href=\"https:\/\/pinterest.com\/pin\/create\/button\/?url=https%3A%2F%2Fbio.enjoygoodfood.eu%2Fde%2Fportfolio-items%2Fgeroestete-mandeln-auf-bio-kuerbiscremesuppe%2F&amp;description=ZUTATEN%20Mandeln%20ohne%20Schale%20300%20g%20Natives%20Oliven%C3%B6l%20extra%20nach%20Bedarf%20Oregano%20nach%20Belieben%20Bio-Mantovaner%20K%C3%BCrbis%20Nr.%201%20Schalotten%20Nr.%202%20Salz%20nach%20Bedarf%20Pfeffer%20nach%20Bedarf%20%20%0D%0A%0D%0AZUBEREITUNG%20%0D%0A%0D%0ADie%20Mandeln%20auf%20einem%20Backblech%20verteilen%2C%20mit%20nativem%20Oliven%C3%B6l%20extra%2C%20Oregano%20und%20einer%20Prise%20Salz%20w%C3%BCrzen.%20Im%20vorgeheizten%20Ofen%20bei%20170%C2%B0C%20etwa%205&amp;media=\" target=\"_blank\" rel=\"noopener noreferrer\" title=\"Pinterest\" aria-label=\"Pinterest\" data-placement=\"bottom\" data-toggle=\"tooltip\" data-title=\"Pinterest\"><i class=\"fusion-social-network-icon fusion-tooltip fusion-pinterest awb-icon-pinterest\" style=\"color:#dde2c5;\" aria-hidden=\"true\"><\/i><\/a><\/span><\/div><\/div><\/div><\/div><\/div><\/div><\/p>\n","protected":false},"excerpt":{"rendered":"","protected":false},"author":1,"featured_media":3678,"menu_order":0,"comment_status":"closed","ping_status":"closed","template":"","format":"standard","meta":{"footnotes":""},"portfolio_category":[98],"portfolio_skills":[],"portfolio_tags":[],"class_list":["post-3716","avada_portfolio","type-avada_portfolio","status-publish","format-standard","has-post-thumbnail","hentry","portfolio_category-rezepte"],"_links":{"self":[{"href":"https:\/\/bio.enjoygoodfood.eu\/de\/wp-json\/wp\/v2\/avada_portfolio\/3716","targetHints":{"allow":["GET"]}}],"collection":[{"href":"https:\/\/bio.enjoygoodfood.eu\/de\/wp-json\/wp\/v2\/avada_portfolio"}],"about":[{"href":"https:\/\/bio.enjoygoodfood.eu\/de\/wp-json\/wp\/v2\/types\/avada_portfolio"}],"author":[{"embeddable":true,"href":"https:\/\/bio.enjoygoodfood.eu\/de\/wp-json\/wp\/v2\/users\/1"}],"replies":[{"embeddable":true,"href":"https:\/\/bio.enjoygoodfood.eu\/de\/wp-json\/wp\/v2\/comments?post=3716"}],"version-history":[{"count":2,"href":"https:\/\/bio.enjoygoodfood.eu\/de\/wp-json\/wp\/v2\/avada_portfolio\/3716\/revisions"}],"predecessor-version":[{"id":3733,"href":"https:\/\/bio.enjoygoodfood.eu\/de\/wp-json\/wp\/v2\/avada_portfolio\/3716\/revisions\/3733"}],"wp:featuredmedia":[{"embeddable":true,"href":"https:\/\/bio.enjoygoodfood.eu\/de\/wp-json\/wp\/v2\/media\/3678"}],"wp:attachment":[{"href":"https:\/\/bio.enjoygoodfood.eu\/de\/wp-json\/wp\/v2\/media?parent=3716"}],"wp:term":[{"taxonomy":"portfolio_category","embeddable":true,"href":"https:\/\/bio.enjoygoodfood.eu\/de\/wp-json\/wp\/v2\/portfolio_category?post=3716"},{"taxonomy":"portfolio_skills","embeddable":true,"href":"https:\/\/bio.enjoygoodfood.eu\/de\/wp-json\/wp\/v2\/portfolio_skills?post=3716"},{"taxonomy":"portfolio_tags","embeddable":true,"href":"https:\/\/bio.enjoygoodfood.eu\/de\/wp-json\/wp\/v2\/portfolio_tags?post=3716"}],"curies":[{"name":"wp","href":"https:\/\/api.w.org\/{rel}","templated":true}]}}